{"id":740,"date":"2016-05-27T02:15:59","date_gmt":"2016-05-27T00:15:59","guid":{"rendered":"http:\/\/rogeresteller.com\/ca\/switch-on\/"},"modified":"2016-06-03T20:39:32","modified_gmt":"2016-06-03T18:39:32","slug":"switch-on","status":"publish","type":"page","link":"https:\/\/rogeresteller.com\/ca\/switch-on\/","title":{"rendered":"Switch On"},"content":{"rendered":"<p>[et_pb_section admin_label=&#8221;section&#8221; transparent_background=&#8221;off&#8221; background_color=&#8221;#ffffff&#8221; background_video_mp4=&#8221;http:\/\/rogeresteller.com\/wp-content\/uploads\/2016\/05\/sobrevuelo-estorninos-web.mp4&#8243; background_video_width=&#8221;1280&#8243; background_video_height=&#8221;720&#8243; allow_player_pause=&#8221;off&#8221; inner_shadow=&#8221;off&#8221; parallax=&#8221;off&#8221; parallax_method=&#8221;off&#8221; padding_mobile=&#8221;off&#8221; make_fullwidth=&#8221;off&#8221; use_custom_width=&#8221;off&#8221; width_unit=&#8221;on&#8221; make_equal=&#8221;off&#8221; use_custom_gutter=&#8221;off&#8221; background_image=&#8221;http:\/\/rogeresteller.com\/wp-content\/uploads\/2016\/05\/estorninos.jpg&#8221; background_video_webm=&#8221;http:\/\/rogeresteller.com\/wp-content\/uploads\/2016\/05\/sobrevuelo-estorninos-web.webm&#8221;][et_pb_row admin_label=&#8221;Fila&#8221;][et_pb_column type=&#8221;4_4&#8243;][et_pb_image admin_label=&#8221;Imagen&#8221; src=&#8221;http:\/\/rogeresteller.com\/wp-content\/uploads\/2016\/05\/logo-roger-esteller-blanc.png&#8221; show_in_lightbox=&#8221;off&#8221; url=&#8221;rogeresteller.com&#8221; url_new_window=&#8221;off&#8221; use_overlay=&#8221;off&#8221; animation=&#8221;fade_in&#8221; sticky=&#8221;off&#8221; align=&#8221;center&#8221; max_width=&#8221;200px&#8221; force_fullwidth=&#8221;off&#8221; always_center_on_mobile=&#8221;on&#8221; use_border_color=&#8221;off&#8221; border_color=&#8221;#ffffff&#8221; border_style=&#8221;solid&#8221;]<br \/>\n[\/et_pb_image][\/et_pb_column][\/et_pb_row][et_pb_row admin_label=&#8221;row&#8221; make_fullwidth=&#8221;off&#8221; use_custom_width=&#8221;off&#8221; width_unit=&#8221;on&#8221; use_custom_gutter=&#8221;on&#8221; padding_mobile=&#8221;off&#8221; allow_player_pause=&#8221;off&#8221; parallax=&#8221;off&#8221; parallax_method=&#8221;off&#8221; make_equal=&#8221;on&#8221; parallax_1=&#8221;off&#8221; parallax_method_1=&#8221;off&#8221; parallax_2=&#8221;off&#8221; parallax_method_2=&#8221;off&#8221; column_padding_mobile=&#8221;on&#8221; background_color_2=&#8221;rgba(49,39,131,0.85)&#8221; padding_top_2=&#8221;20px&#8221; padding_right_2=&#8221;20px&#8221; padding_bottom_2=&#8221;20px&#8221; padding_left_2=&#8221;20px&#8221; background_color_1=&#8221;rgba(255,255,255,0.6)&#8221; gutter_width=&#8221;0&#8243; padding_top_1=&#8221;40px&#8221; padding_bottom_1=&#8221;40px&#8221;][et_pb_column type=&#8221;1_2&#8243;][et_pb_image admin_label=&#8221;Imagen&#8221; src=&#8221;http:\/\/rogeresteller.com\/wp-content\/uploads\/2016\/05\/logo-switch-on.png&#8221; show_in_lightbox=&#8221;off&#8221; url_new_window=&#8221;off&#8221; use_overlay=&#8221;off&#8221; animation=&#8221;fade_in&#8221; sticky=&#8221;off&#8221; align=&#8221;center&#8221; force_fullwidth=&#8221;off&#8221; always_center_on_mobile=&#8221;on&#8221; use_border_color=&#8221;off&#8221; border_color=&#8221;#ffffff&#8221; border_style=&#8221;solid&#8221;]<br \/>\n[\/et_pb_image][\/et_pb_column][et_pb_column type=&#8221;1_2&#8243;][et_pb_text admin_label=&#8221;Texto&#8221; background_layout=&#8221;dark&#8221; text_orientation=&#8221;left&#8221; use_border_color=&#8221;off&#8221; border_color=&#8221;#ffffff&#8221; border_style=&#8221;solid&#8221; text_font_size=&#8221;18&#8243; custom_padding=&#8221;20px|20px|20px|20px&#8221; text_font=&#8221;Open Sans||||&#8221; text_line_height=&#8221;1.8em&#8221;]<\/p>\n<p><strong>Switch on<\/strong> \u00e9s el resultat de l&#8217;aplicaci\u00f3 de la Metodologia d&#8217;An\u00e0lisi i Diagn\u00f2stic Motivacional de <strong>Roger Esteller Full Court<\/strong> en l&#8217;\u00e0mbit empresarial. A trav\u00e9s de la balan\u00e7a motivacional ideada per Roger Esteller, s&#8217;analitza l&#8217;empresa a nivell motivacional, conductual i gest\u00e8gic. Per a aix\u00f2, s&#8217;uneixen professionals de les tres seccions per abocar tot el seu coneixement en oferir-nos una imatge real de l&#8217;estat dels equips de l&#8217;organitzaci\u00f3, proposar un pla d&#8217;actuaci\u00f3 i fer el seguiment necessari per assolir els objectius marcats per l&#8217;organitzaci\u00f3.<\/p>\n<p>[\/et_pb_text][\/et_pb_column][\/et_pb_row][\/et_pb_section][et_pb_section admin_label=&#8221;Secci\u00f3n&#8221; fullwidth=&#8221;off&#8221; specialty=&#8221;off&#8221; transparent_background=&#8221;off&#8221; background_color=&#8221;#312783&#8243; allow_player_pause=&#8221;off&#8221; inner_shadow=&#8221;off&#8221; parallax=&#8221;off&#8221; parallax_method=&#8221;off&#8221; padding_mobile=&#8221;off&#8221; make_fullwidth=&#8221;off&#8221; use_custom_width=&#8221;off&#8221; width_unit=&#8221;on&#8221; make_equal=&#8221;off&#8221; use_custom_gutter=&#8221;off&#8221;][et_pb_row admin_label=&#8221;Fila&#8221;][et_pb_column type=&#8221;4_4&#8243;][et_pb_text admin_label=&#8221;Texto&#8221; background_layout=&#8221;dark&#8221; text_orientation=&#8221;center&#8221; text_font=&#8221;Gloria Hallelujah||||&#8221; text_font_size=&#8221;24&#8243; use_border_color=&#8221;off&#8221; border_color=&#8221;#ffffff&#8221; border_style=&#8221;solid&#8221; text_line_height=&#8221;1.8em&#8221; custom_padding=&#8221;|10%||10%&#8221;]<\/p>\n<p>Un m\u00f3n competitiu li ofereix dues possibilitats, perdre o, si vol triomfar, l&#8217;alternativa de canviar.<\/p>\n<p>[\/et_pb_text][\/et_pb_column][\/et_pb_row][\/et_pb_section][et_pb_section admin_label=&#8221;Secci\u00f3n&#8221; fullwidth=&#8221;off&#8221; specialty=&#8221;off&#8221;][et_pb_row admin_label=&#8221;Fila&#8221; make_fullwidth=&#8221;off&#8221; use_custom_width=&#8221;off&#8221; width_unit=&#8221;on&#8221; use_custom_gutter=&#8221;off&#8221; padding_mobile=&#8221;off&#8221; allow_player_pause=&#8221;off&#8221; parallax=&#8221;off&#8221; parallax_method=&#8221;off&#8221; make_equal=&#8221;on&#8221; parallax_1=&#8221;off&#8221; parallax_method_1=&#8221;off&#8221; parallax_2=&#8221;off&#8221; parallax_method_2=&#8221;off&#8221; column_padding_mobile=&#8221;on&#8221;][et_pb_column type=&#8221;2_3&#8243;][et_pb_text admin_label=&#8221;Texto&#8221; background_layout=&#8221;light&#8221; text_orientation=&#8221;left&#8221; use_border_color=&#8221;off&#8221; border_color=&#8221;#ffffff&#8221; border_style=&#8221;solid&#8221; text_line_height=&#8221;1.3em&#8221;]<\/p>\n<h2>Si vis pacem&#8230;<\/h2>\n<p><strong>&#8220;Si Vis Pacem&#8221;<\/strong> \u00e9s la denominaci\u00f3 de la metodologia motivacional desenvolupada per <strong>Roger Esteller<\/strong> i t\u00e9 el seu origen en el m\u00edtic enunciat de la cultura romana: &#8220;Si Vis Pacem, Per Bellum&#8221; &#8211; <em>&#8220;Si vols la pau, prepara&#8217;t per a la guerra&#8221;<\/em>. &#8220;Si Vis Pacem&#8221; \u00e9s l&#8217;extrapolaci\u00f3 de l&#8217;experi\u00e8ncia d&#8217;un esportista d&#8217;elit -Roger Esteller- a altres \u00e0mbits, com el personal o l&#8217;empresarial. La metodologia s&#8217;estructura en 12 principis que s\u00f3n el cam\u00ed cap a la consecuci\u00f3 de les metes professionals i els objectius personals que qualsevol persona es marca a la vida. Les inicials de &#8220;Si Vis Pacem&#8221;, <strong>S \u00b7 V \u00b7 P,<\/strong> coincideixen amb les sigles dels tres elements fonamentals d&#8217;aquesta metodologia: <strong>Sentit<\/strong>: objectiu de l&#8217;empresa; <strong>Valor<\/strong>: coratge per assolir l&#8217;objectiu; <strong>Poder<\/strong>: l&#8217;acci\u00f3 que condueix a la consecuci\u00f3 de les metes<\/p>\n<p>[\/et_pb_text][\/et_pb_column][et_pb_column type=&#8221;1_3&#8243;][et_pb_image admin_label=&#8221;Imagen&#8221; src=&#8221;http:\/\/rogeresteller.com\/wp-content\/uploads\/2016\/05\/roger-esteller-3.png&#8221; show_in_lightbox=&#8221;off&#8221; url_new_window=&#8221;off&#8221; use_overlay=&#8221;off&#8221; animation=&#8221;off&#8221; sticky=&#8221;on&#8221; align=&#8221;center&#8221; force_fullwidth=&#8221;off&#8221; always_center_on_mobile=&#8221;on&#8221; use_border_color=&#8221;off&#8221; border_color=&#8221;#ffffff&#8221; border_style=&#8221;solid&#8221;]<br \/>\n[\/et_pb_image][\/et_pb_column][\/et_pb_row][\/et_pb_section][et_pb_section admin_label=&#8221;Secci\u00f3n&#8221; fullwidth=&#8221;off&#8221; specialty=&#8221;off&#8221; transparent_background=&#8221;off&#8221; background_color=&#8221;#000000&#8243; allow_player_pause=&#8221;off&#8221; inner_shadow=&#8221;off&#8221; parallax=&#8221;off&#8221; parallax_method=&#8221;off&#8221; padding_mobile=&#8221;off&#8221; make_fullwidth=&#8221;off&#8221; use_custom_width=&#8221;off&#8221; width_unit=&#8221;on&#8221; make_equal=&#8221;off&#8221; use_custom_gutter=&#8221;off&#8221;][et_pb_row admin_label=&#8221;Fila&#8221; make_fullwidth=&#8221;off&#8221; use_custom_width=&#8221;off&#8221; width_unit=&#8221;on&#8221; use_custom_gutter=&#8221;off&#8221; custom_padding=&#8221;5px||5px|&#8221; padding_mobile=&#8221;off&#8221; allow_player_pause=&#8221;off&#8221; parallax=&#8221;off&#8221; parallax_method=&#8221;off&#8221; make_equal=&#8221;off&#8221; parallax_1=&#8221;off&#8221; parallax_method_1=&#8221;off&#8221; column_padding_mobile=&#8221;on&#8221;][et_pb_column type=&#8221;4_4&#8243;][et_pb_divider admin_label=&#8221;Separador&#8221; color=&#8221;#ffffff&#8221; show_divider=&#8221;off&#8221; divider_style=&#8221;solid&#8221; divider_position=&#8221;top&#8221; hide_on_mobile=&#8221;on&#8221;]<br \/>\n[\/et_pb_divider][\/et_pb_column][\/et_pb_row][\/et_pb_section][et_pb_section admin_label=&#8221;Secci\u00f3n&#8221; fullwidth=&#8221;off&#8221; specialty=&#8221;off&#8221; transparent_background=&#8221;off&#8221; background_color=&#8221;#2b2b2b&#8221; allow_player_pause=&#8221;off&#8221; inner_shadow=&#8221;off&#8221; parallax=&#8221;on&#8221; parallax_method=&#8221;on&#8221; padding_mobile=&#8221;off&#8221; make_fullwidth=&#8221;off&#8221; use_custom_width=&#8221;off&#8221; width_unit=&#8221;on&#8221; make_equal=&#8221;off&#8221; use_custom_gutter=&#8221;off&#8221; background_image=&#8221;http:\/\/rogeresteller.com\/wp-content\/uploads\/2016\/01\/roger-esterrel-full-court-bg-balanza-motivacional.jpg&#8221; custom_padding=&#8221;5px||5px|&#8221;][et_pb_row admin_label=&#8221;Fila&#8221;][et_pb_column type=&#8221;1_2&#8243;][et_pb_text admin_label=&#8221;Texto&#8221; background_layout=&#8221;light&#8221; text_orientation=&#8221;left&#8221; background_color=&#8221;rgba(255,255,255,0.79)&#8221; use_border_color=&#8221;off&#8221; border_color=&#8221;#ffffff&#8221; border_style=&#8221;solid&#8221; custom_padding=&#8221;40px|40px|40px|40px&#8221;]<\/p>\n<h2>La Balan\u00e7a Motivacional<\/h2>\n<p>La Balan\u00e7a Motivacional \u00e9s el punt de partida de l&#8217;aplicaci\u00f3 del m\u00e8tode &#8220;Si Vis Pacem&#8221;. Es tracta d&#8217;una eina de diagn\u00f2stic motivacional desenvolupada originalment per Roger Esteller i es presenta com un test que permet identificar els suports externs i interns amb qu\u00e8 compten els integrants d&#8217;una organitzaci\u00f3 per obtenir els resultats desitjats.<\/p>\n<p>La balan\u00e7a Motivacional analitza els seg\u00fcents aspectes:<\/p>\n<p>[\/et_pb_text][et_pb_text admin_label=&#8221;Texto&#8221; background_layout=&#8221;light&#8221; text_orientation=&#8221;left&#8221; background_color=&#8221;rgba(255,255,255,0.79)&#8221; use_border_color=&#8221;off&#8221; border_color=&#8221;#ffffff&#8221; border_style=&#8221;solid&#8221; custom_padding=&#8221;40px|40px||40px&#8221;]<\/p>\n<p><strong>Graus de satisfacci\u00f3-GS (suports externs):<\/strong><\/p>\n<ul>\n<li>Fam\u00edlia<\/li>\n<li>Parella<\/li>\n<li>Amics<\/li>\n<li>Professi\u00f3<\/li>\n<li>Economia<\/li>\n<li>Salut<\/li>\n<li>Oci<\/li>\n<li>Reconeixement social<\/li>\n<li>Imatge<\/li>\n<li>Desenvolupament espiritual \/ \u00e8tic<\/li>\n<\/ul>\n<p>[\/et_pb_text][et_pb_text admin_label=&#8221;Texto&#8221; background_layout=&#8221;light&#8221; text_orientation=&#8221;left&#8221; background_color=&#8221;rgba(255,255,255,0.79)&#8221; use_border_color=&#8221;off&#8221; border_color=&#8221;#ffffff&#8221; border_style=&#8221;solid&#8221; custom_padding=&#8221;40px|40px||40px&#8221;]<\/p>\n<p><strong>Suports &#8220;Si Vis Pacem&#8221; &#8211; SVP (suports interns):<\/strong><\/p>\n<ul>\n<li>Visi\u00f3<\/li>\n<li>Error<\/li>\n<li>Automotivaci\u00f3<\/li>\n<li>Pressi\u00f3-por<\/li>\n<li>Compet\u00e8ncia-diferenciaci\u00f3<\/li>\n<li>Adaptaci\u00f3 al canvi<\/li>\n<li>Passi\u00f3<\/li>\n<li>Excuses<\/li>\n<li>Resili\u00e8ncia<\/li>\n<\/ul>\n<p>[\/et_pb_text][\/et_pb_column][et_pb_column type=&#8221;1_2&#8243;][et_pb_divider admin_label=&#8221;Separador&#8221; color=&#8221;#ffffff&#8221; show_divider=&#8221;off&#8221; divider_style=&#8221;solid&#8221; divider_position=&#8221;top&#8221; hide_on_mobile=&#8221;on&#8221;]<br \/>\n[\/et_pb_divider][\/et_pb_column][\/et_pb_row][\/et_pb_section][et_pb_section admin_label=&#8221;Secci\u00f3n&#8221; fullwidth=&#8221;off&#8221; specialty=&#8221;off&#8221; transparent_background=&#8221;off&#8221; background_color=&#8221;#303030&#8243; allow_player_pause=&#8221;off&#8221; inner_shadow=&#8221;off&#8221; parallax=&#8221;off&#8221; parallax_method=&#8221;off&#8221; padding_mobile=&#8221;off&#8221; make_fullwidth=&#8221;off&#8221; use_custom_width=&#8221;off&#8221; width_unit=&#8221;on&#8221; make_equal=&#8221;off&#8221; use_custom_gutter=&#8221;off&#8221;][et_pb_row admin_label=&#8221;Fila&#8221;][et_pb_column type=&#8221;4_4&#8243;][et_pb_text admin_label=&#8221;Texto&#8221; background_layout=&#8221;dark&#8221; text_orientation=&#8221;center&#8221; text_font_size=&#8221;18&#8243; use_border_color=&#8221;off&#8221; border_color=&#8221;#ffffff&#8221; border_style=&#8221;solid&#8221;]<\/p>\n<p>L&#8217;an\u00e0lisi d&#8217;aquests 20 aspectes -els Graus de Satisfacci\u00f3 (GS) i Suports Si Vis Pacem (SVP) &#8211; d\u00f3na com a resultat el R\u00e0tio d&#8217;Equilibri Motivacional (REM), a partir del qual s&#8217;implementa la metodologia de motivaci\u00f3.<\/p>\n<p>[\/et_pb_text][\/et_pb_column][\/et_pb_row][\/et_pb_section][et_pb_section admin_label=&#8221;Secci\u00f3n&#8221; fullwidth=&#8221;off&#8221; specialty=&#8221;off&#8221; transparent_background=&#8221;off&#8221; background_color=&#8221;#312783&#8243; allow_player_pause=&#8221;off&#8221; inner_shadow=&#8221;off&#8221; parallax=&#8221;off&#8221; parallax_method=&#8221;off&#8221; padding_mobile=&#8221;off&#8221; make_fullwidth=&#8221;off&#8221; use_custom_width=&#8221;off&#8221; width_unit=&#8221;on&#8221; make_equal=&#8221;off&#8221; use_custom_gutter=&#8221;off&#8221;][et_pb_row admin_label=&#8221;Fila&#8221;][et_pb_column type=&#8221;4_4&#8243;][et_pb_text admin_label=&#8221;Texto&#8221; background_layout=&#8221;dark&#8221; text_orientation=&#8221;center&#8221; use_border_color=&#8221;off&#8221; border_color=&#8221;#ffffff&#8221; border_style=&#8221;solid&#8221;]<\/p>\n<h2>Aquests s\u00f3n els objectius que persegueix Switch-On<\/h2>\n<p>[\/et_pb_text][\/et_pb_column][\/et_pb_row][et_pb_row admin_label=&#8221;Fila&#8221;][et_pb_column type=&#8221;1_2&#8243;][et_pb_text admin_label=&#8221;Texto&#8221; background_layout=&#8221;dark&#8221; text_orientation=&#8221;center&#8221; use_border_color=&#8221;off&#8221; border_color=&#8221;#ffffff&#8221; border_style=&#8221;solid&#8221;]<\/p>\n<h2>OBJECTIUS GRUPALS<\/h2>\n<h3>Integraci\u00f3 motivacional<\/h3>\n<h3>Integraci\u00f3 d&#8217;objectius comuns<\/h3>\n<h3>Increment del rendiment efectiu<\/h3>\n<h3>Cohesi\u00f3 d&#8217;equips a diferents nivells<\/h3>\n<h3>Gesti\u00f3 del conflicte-soroll distractor<\/h3>\n<p>[\/et_pb_text][\/et_pb_column][et_pb_column type=&#8221;1_2&#8243;][et_pb_text admin_label=&#8221;Texto&#8221; background_layout=&#8221;dark&#8221; text_orientation=&#8221;center&#8221; use_border_color=&#8221;off&#8221; border_color=&#8221;#ffffff&#8221; border_style=&#8221;solid&#8221;]<\/p>\n<h2>OBJECTIUS INDIVIDUALS<\/h2>\n<h3>Autoconeixement<\/h3>\n<h3>Increment del rendiment<\/h3>\n<h3>Risc laboral<\/h3>\n<h3>Capacitat d&#8217;integraci\u00f3<\/h3>\n<h3>Gesti\u00f3 del conflicte-soroll distractor<\/h3>\n<p>[\/et_pb_text][\/et_pb_column][\/et_pb_row][\/et_pb_section][et_pb_section admin_label=&#8221;Secci\u00f3n&#8221; fullwidth=&#8221;off&#8221; specialty=&#8221;off&#8221; transparent_background=&#8221;off&#8221; background_color=&#8221;#cdcdcd&#8221; allow_player_pause=&#8221;off&#8221; inner_shadow=&#8221;off&#8221; parallax=&#8221;off&#8221; parallax_method=&#8221;off&#8221; padding_mobile=&#8221;off&#8221; make_fullwidth=&#8221;off&#8221; use_custom_width=&#8221;off&#8221; width_unit=&#8221;on&#8221; make_equal=&#8221;off&#8221; use_custom_gutter=&#8221;off&#8221;][et_pb_row admin_label=&#8221;Fila&#8221;][et_pb_column type=&#8221;1_2&#8243;][et_pb_text admin_label=&#8221;Texto&#8221; background_layout=&#8221;light&#8221; text_orientation=&#8221;left&#8221; use_border_color=&#8221;off&#8221; border_color=&#8221;#ffffff&#8221; border_style=&#8221;solid&#8221;]<\/p>\n<p>En finalitzar l&#8217;an\u00e1lisis, l&#8217;empresa rep un:<\/p>\n<p style=\"font-size: 40px; line-height: 1.5em;\">Informe d&#8217;Estat Motivacional<\/p>\n<p style=\"font-size: 150px;\">360\u00ba<\/p>\n<p>[\/et_pb_text][\/et_pb_column][et_pb_column type=&#8221;1_2&#8243;][et_pb_image admin_label=&#8221;Imagen&#8221; src=&#8221;http:\/\/rogeresteller.com\/wp-content\/uploads\/2016\/05\/informe-motivacional-360.jpg&#8221; show_in_lightbox=&#8221;off&#8221; url_new_window=&#8221;off&#8221; use_overlay=&#8221;off&#8221; animation=&#8221;fade_in&#8221; sticky=&#8221;off&#8221; align=&#8221;left&#8221; force_fullwidth=&#8221;off&#8221; always_center_on_mobile=&#8221;on&#8221; use_border_color=&#8221;off&#8221; border_color=&#8221;#ffffff&#8221; border_style=&#8221;solid&#8221;]<br \/>\n[\/et_pb_image][\/et_pb_column][\/et_pb_row][et_pb_row admin_label=&#8221;Fila&#8221;][et_pb_column type=&#8221;1_2&#8243;][et_pb_text admin_label=&#8221;Texto&#8221; background_layout=&#8221;light&#8221; text_orientation=&#8221;left&#8221; use_border_color=&#8221;off&#8221; border_color=&#8221;#ffffff&#8221; border_style=&#8221;solid&#8221;]<\/p>\n<p>La gesti\u00f3 de les habilitats emocionals, organitzatives i motivacionals dins de l&#8217;\u00e0mbit empresarial \u00e9s una realitat plenament institu\u00efda en pa\u00efsos com els Estats Units. A Espanya, on el coaching es va donar a con\u00e8ixer fa tot just una d\u00e8cada, la seva implantaci\u00f3 est\u00e0 guanyant terreny r\u00e0pidament, com a conseq\u00fc\u00e8ncia dels bons resultats que ofereix a l&#8217;empresa. Les dades ho confirmen:<\/p>\n<ul>\n<li>El 92% dels executius ha tingut o pensa tenir un coach que desenvolupi el lideratge i millori l&#8217;efici\u00e8ncia dels seus empleats. (Consultora Odgers Berndston)<\/li>\n<li>Les empreses que utilitzen el coaching aconsegueixen un retorn de la inversi\u00f3 de fins al 70%. (Estudi sobre el Client de Coaching Global &#8211; PwC)<\/li>\n<li>El 78,5% dels treballadors de la regi\u00f3 Europa \/ Orient Mitj\u00e0 \/ \u00c0frica que han experimentat el coaching professional afirmen estar &#8220;molt satisfets&#8221;; el 96,9% asseguren que repetiran l&#8217;experi\u00e8ncia. (Estudi sobre el Client de Coaching Global &#8211; PwC)<\/li>\n<\/ul>\n<p>[\/et_pb_text][\/et_pb_column][et_pb_column type=&#8221;1_2&#8243;][et_pb_text admin_label=&#8221;Texto&#8221; background_layout=&#8221;light&#8221; text_orientation=&#8221;left&#8221; use_border_color=&#8221;off&#8221; border_color=&#8221;#ffffff&#8221; border_style=&#8221;solid&#8221;]<\/p>\n<p>La grandesa de la formaci\u00f3 motivacional resideix en la seva gran capacitat com a eina per potenciar les habilitats dels professionals i dels equips. Millorar la motivaci\u00f3 dels treballadors, desenvolupar el seu lideratge o cohesionar els equips s\u00f3n aspectes que ajuden a augmentar la productivitat de les empreses.<\/p>\n<p>Sobretot en l&#8217;entorn empresarial actual, cada vegada m\u00e9s complex i canviant, es requereixen processos que contribueixin a descobrir les mancances dels professionals i a potenciar les seves habilitats i que aquest proc\u00e9s repercuteixi positivament en l&#8217;assoliment dels objectius corporatius.<\/p>\n<p>[\/et_pb_text][\/et_pb_column][\/et_pb_row][\/et_pb_section][et_pb_section admin_label=&#8221;Secci\u00f3n&#8221; fullwidth=&#8221;off&#8221; specialty=&#8221;off&#8221; transparent_background=&#8221;off&#8221; background_color=&#8221;rgba(15,0,130,0.35)&#8221; allow_player_pause=&#8221;off&#8221; inner_shadow=&#8221;off&#8221; parallax=&#8221;off&#8221; parallax_method=&#8221;off&#8221; padding_mobile=&#8221;off&#8221; make_fullwidth=&#8221;off&#8221; use_custom_width=&#8221;off&#8221; width_unit=&#8221;on&#8221; make_equal=&#8221;off&#8221; use_custom_gutter=&#8221;off&#8221; background_image=&#8221;http:\/\/rogeresteller.com\/wp-content\/uploads\/2016\/05\/refc-balanza-motivacional.jpg&#8221;][et_pb_row admin_label=&#8221;Fila&#8221; make_fullwidth=&#8221;off&#8221; use_custom_width=&#8221;off&#8221; width_unit=&#8221;on&#8221; use_custom_gutter=&#8221;off&#8221; custom_padding=&#8221;50px||50px|&#8221; padding_mobile=&#8221;off&#8221; allow_player_pause=&#8221;off&#8221; parallax=&#8221;off&#8221; parallax_method=&#8221;off&#8221; make_equal=&#8221;off&#8221; parallax_1=&#8221;off&#8221; parallax_method_1=&#8221;off&#8221; parallax_2=&#8221;off&#8221; parallax_method_2=&#8221;off&#8221; column_padding_mobile=&#8221;on&#8221;][et_pb_column type=&#8221;2_3&#8243;][et_pb_text admin_label=&#8221;Texto&#8221; background_layout=&#8221;dark&#8221; text_orientation=&#8221;left&#8221; use_border_color=&#8221;off&#8221; border_color=&#8221;#ffffff&#8221; border_style=&#8221;solid&#8221; background_color=&#8221;rgba(0,0,0,0.68)&#8221; custom_padding=&#8221;30px|30px|30px|30px&#8221;]<\/p>\n<h2><strong>PROC\u00c9S D&#8217;AN\u00c0LISI \u201cSI VIS PACEM\u201d<\/strong><\/h2>\n<p>La metodologia motivacional &#8220;Si Vis Pacem&#8221; segueix un proc\u00e9s dins de l&#8217;empresa que comen\u00e7a amb l&#8217;obtenci\u00f3 de la informaci\u00f3 corporativa que requereixen els analistes: hist\u00f2ria i filosofia de l&#8217;empresa, funcionament, estat actual, punts forts i febles, estrat\u00e8gia futura&#8230;<\/p>\n<p>Despr\u00e9s de recaptar aquesta informaci\u00f3 i amb els resultats dels test de la balan\u00e7a motivacional, que han estat pr\u00e8viament distribu\u00efts entre el personal, es confecciona un informe Motivacional, que analitza aquests resultats des de tots els \u00e0mbits de l&#8217;empresa; per aix\u00f2 el document rep el nom de &#8220;Informe d&#8217;Estat Motivacional 360\u00ba&#8221;.<\/p>\n<p>A partir de les conclusions de l&#8217;informe, l&#8217;equip de treball elabora un Pla d&#8217;Actuaci\u00f3 Motivacional (P.A.M.) totalment individualitzat. La tasca de l&#8217;equip Switch-On continua amb el Seguiment Empresarial Motivacional (S.E.M.) de la companyia analitzada.<\/p>\n<p>[\/et_pb_text][\/et_pb_column][et_pb_column type=&#8221;1_3&#8243;][et_pb_divider admin_label=&#8221;Separador&#8221; color=&#8221;#ffffff&#8221; show_divider=&#8221;off&#8221; divider_style=&#8221;solid&#8221; divider_position=&#8221;top&#8221; hide_on_mobile=&#8221;on&#8221;]<br \/>\n[\/et_pb_divider][\/et_pb_column][\/et_pb_row][\/et_pb_section][et_pb_section admin_label=&#8221;Secci\u00f3n&#8221; fullwidth=&#8221;off&#8221; specialty=&#8221;off&#8221; transparent_background=&#8221;off&#8221; background_color=&#8221;#373536&#8243; allow_player_pause=&#8221;off&#8221; inner_shadow=&#8221;off&#8221; parallax=&#8221;off&#8221; parallax_method=&#8221;off&#8221; padding_mobile=&#8221;off&#8221; make_fullwidth=&#8221;off&#8221; use_custom_width=&#8221;off&#8221; width_unit=&#8221;on&#8221; make_equal=&#8221;off&#8221; use_custom_gutter=&#8221;off&#8221; module_id=&#8221;re-graficas-d&#8221;][et_pb_row admin_label=&#8221;Fila&#8221;][et_pb_column type=&#8221;4_4&#8243;][et_pb_text admin_label=&#8221;Texto&#8221; background_layout=&#8221;dark&#8221; text_orientation=&#8221;center&#8221; use_border_color=&#8221;off&#8221; border_color=&#8221;#ffffff&#8221; border_style=&#8221;solid&#8221;]<\/p>\n<h2><strong>AN\u00c0LISI CORPORATIU<\/strong><\/h2>\n<p>L&#8217;Informe d&#8217;Estat Motivacional 360\u00ba analitza exhaustivament a l&#8217;empresa des de diversos punts de vista:<\/p>\n<p>[\/et_pb_text][\/et_pb_column][\/et_pb_row][et_pb_row admin_label=&#8221;Fila&#8221;][et_pb_column type=&#8221;1_4&#8243;][et_pb_text admin_label=&#8221;Texto&#8221; background_layout=&#8221;dark&#8221; text_orientation=&#8221;center&#8221; use_border_color=&#8221;off&#8221; border_color=&#8221;#ffffff&#8221; border_style=&#8221;solid&#8221;]<\/p>\n<h4>AN\u00c0LISI GLOBAL<\/h4>\n<p>Fa refer\u00e8ncia al conjunt de l&#8217;empresa. Mostra el Grau de Satisfacci\u00f3 (GS) del total dels treballadors, els seus suports interns o Suports &#8220;Si Vis Pacem&#8221; (SVP) i el R\u00e0tio d&#8217;Equilibri Motivacional (REM) resultant.<\/p>\n<p>[\/et_pb_text][\/et_pb_column][et_pb_column type=&#8221;1_4&#8243;][et_pb_text admin_label=&#8221;Texto&#8221; background_layout=&#8221;dark&#8221; text_orientation=&#8221;center&#8221; use_border_color=&#8221;off&#8221; border_color=&#8221;#ffffff&#8221; border_style=&#8221;solid&#8221;]<\/p>\n<h4>AN\u00c0LISI DEPARTAMENTAL<\/h4>\n<p>S&#8217;analitza l&#8217;estat motivacional dels integrants dels diferents departaments i es comparen amb el total de l&#8217;empresa.<\/p>\n<p>Els resultats s&#8217;interpreten tamb\u00e9 segons el g\u00e8nere dels treballadors analitzats.<\/p>\n<p>[\/et_pb_text][\/et_pb_column][et_pb_column type=&#8221;1_4&#8243;][et_pb_text admin_label=&#8221;Texto&#8221; background_layout=&#8221;dark&#8221; text_orientation=&#8221;center&#8221; use_border_color=&#8221;off&#8221; border_color=&#8221;#ffffff&#8221; border_style=&#8221;solid&#8221;]<\/p>\n<h4>AN\u00c1LISIS\u00a0POR ASPECTO MOTIVACIONAL<\/h4>\n<p>Se estudia cada aspecto motivacional (visi\u00f3n, error, automotivaci\u00f3n\u2026) de manera independiente y se comparan los resultados obtenidos por cada departamento entre s\u00ed y en relaci\u00f3n al global de la empresa.<\/p>\n<p>[\/et_pb_text][\/et_pb_column][et_pb_column type=&#8221;1_4&#8243;][et_pb_text admin_label=&#8221;Texto&#8221; background_layout=&#8221;dark&#8221; text_orientation=&#8221;center&#8221; use_border_color=&#8221;off&#8221; border_color=&#8221;#ffffff&#8221; border_style=&#8221;solid&#8221;]<\/p>\n<h4>AN\u00c0LISI INDIVIDUAL CAPS DE DEPARTAMENT<\/h4>\n<p>Els GS, SVP i REM de cada cap d&#8217;equip requereix un estudi individual, per a posteriorment comparar-los amb els resultats del seu propi departament i del conjunt de l&#8217;empresa.<\/p>\n<p>[\/et_pb_text][\/et_pb_column][\/et_pb_row][et_pb_row admin_label=&#8221;Fila&#8221;][et_pb_column type=&#8221;1_4&#8243;][et_pb_gallery admin_label=&#8221;Galer\u00eda&#8221; gallery_ids=&#8221;699,700,736,701,702,703,704&#8243; fullwidth=&#8221;off&#8221; show_title_and_caption=&#8221;off&#8221; show_pagination=&#8221;off&#8221; background_layout=&#8221;dark&#8221; auto=&#8221;on&#8221; hover_overlay_color=&#8221;rgba(255,255,255,0.9)&#8221; caption_all_caps=&#8221;off&#8221; use_border_color=&#8221;off&#8221; border_color=&#8221;#ffffff&#8221; border_style=&#8221;solid&#8221; posts_number=&#8221;3&#8243; auto_speed=&#8221;3000&#8243;]<br \/>\n[\/et_pb_gallery][\/et_pb_column][et_pb_column type=&#8221;1_4&#8243;][et_pb_gallery admin_label=&#8221;Galer\u00eda&#8221; gallery_ids=&#8221;707,708,737,709,710&#8243; fullwidth=&#8221;off&#8221; show_title_and_caption=&#8221;off&#8221; show_pagination=&#8221;off&#8221; background_layout=&#8221;dark&#8221; auto=&#8221;on&#8221; hover_overlay_color=&#8221;rgba(255,255,255,0.9)&#8221; caption_all_caps=&#8221;off&#8221; use_border_color=&#8221;off&#8221; border_color=&#8221;#ffffff&#8221; border_style=&#8221;solid&#8221; posts_number=&#8221;3&#8243; auto_speed=&#8221;3000&#8243;]<br \/>\n[\/et_pb_gallery][\/et_pb_column][et_pb_column type=&#8221;1_4&#8243;][et_pb_gallery admin_label=&#8221;Galer\u00eda&#8221; gallery_ids=&#8221;711,712,713&#8243; fullwidth=&#8221;off&#8221; show_title_and_caption=&#8221;off&#8221; show_pagination=&#8221;off&#8221; background_layout=&#8221;dark&#8221; auto=&#8221;on&#8221; hover_overlay_color=&#8221;rgba(255,255,255,0.9)&#8221; caption_all_caps=&#8221;off&#8221; use_border_color=&#8221;off&#8221; border_color=&#8221;#ffffff&#8221; border_style=&#8221;solid&#8221; posts_number=&#8221;3&#8243; auto_speed=&#8221;3000&#8243;]<br \/>\n[\/et_pb_gallery][\/et_pb_column][et_pb_column type=&#8221;1_4&#8243;][et_pb_gallery admin_label=&#8221;Galer\u00eda&#8221; gallery_ids=&#8221;714,715,716&#8243; fullwidth=&#8221;off&#8221; show_title_and_caption=&#8221;off&#8221; show_pagination=&#8221;off&#8221; background_layout=&#8221;dark&#8221; auto=&#8221;on&#8221; hover_overlay_color=&#8221;rgba(255,255,255,0.9)&#8221; caption_all_caps=&#8221;off&#8221; use_border_color=&#8221;off&#8221; border_color=&#8221;#ffffff&#8221; border_style=&#8221;solid&#8221; posts_number=&#8221;3&#8243; auto_speed=&#8221;3000&#8243;]<br \/>\n[\/et_pb_gallery][\/et_pb_column][\/et_pb_row][\/et_pb_section][et_pb_section admin_label=&#8221;Secci\u00f3n&#8221; fullwidth=&#8221;off&#8221; specialty=&#8221;off&#8221; transparent_background=&#8221;off&#8221; background_color=&#8221;#373536&#8243; allow_player_pause=&#8221;off&#8221; inner_shadow=&#8221;off&#8221; parallax=&#8221;off&#8221; parallax_method=&#8221;off&#8221; padding_mobile=&#8221;off&#8221; make_fullwidth=&#8221;off&#8221; use_custom_width=&#8221;off&#8221; width_unit=&#8221;on&#8221; make_equal=&#8221;off&#8221; use_custom_gutter=&#8221;off&#8221; module_id=&#8221;re-graficas-m&#8221;][et_pb_row admin_label=&#8221;Fila&#8221;][et_pb_column type=&#8221;4_4&#8243;][et_pb_text admin_label=&#8221;Texto&#8221; background_layout=&#8221;dark&#8221; text_orientation=&#8221;center&#8221; use_border_color=&#8221;off&#8221; border_color=&#8221;#ffffff&#8221; border_style=&#8221;solid&#8221;]<\/p>\n<h2><strong>AN\u00c0LISI CORPORATIU<\/strong><\/h2>\n<p>L&#8217;Informe d&#8217;Estat Motivacional 360\u00ba analitza exhaustivament a l&#8217;empresa des de diversos punts de vista:<\/p>\n<p>[\/et_pb_text][\/et_pb_column][\/et_pb_row][et_pb_row admin_label=&#8221;Fila&#8221;][et_pb_column type=&#8221;1_4&#8243;][et_pb_text admin_label=&#8221;Texto&#8221; background_layout=&#8221;dark&#8221; text_orientation=&#8221;center&#8221; use_border_color=&#8221;off&#8221; border_color=&#8221;#ffffff&#8221; border_style=&#8221;solid&#8221;]<\/p>\n<h4>AN\u00c0LISI GLOBAL<\/h4>\n<p>Fa refer\u00e8ncia al conjunt de l&#8217;empresa. Mostra el Grau de Satisfacci\u00f3 (GS) del total dels treballadors, els seus suports interns o Suports &#8220;Si Vis Pacem&#8221; (SVP) i el R\u00e0tio d&#8217;Equilibri Motivacional (REM) resultant.<\/p>\n<p>[\/et_pb_text][et_pb_gallery admin_label=&#8221;Galer\u00eda&#8221; gallery_ids=&#8221;700,701,702,703,704&#8243; fullwidth=&#8221;off&#8221; show_title_and_caption=&#8221;off&#8221; show_pagination=&#8221;off&#8221; background_layout=&#8221;dark&#8221; auto=&#8221;on&#8221; hover_overlay_color=&#8221;rgba(255,255,255,0.9)&#8221; caption_all_caps=&#8221;off&#8221; use_border_color=&#8221;off&#8221; border_color=&#8221;#ffffff&#8221; border_style=&#8221;solid&#8221; posts_number=&#8221;3&#8243; auto_speed=&#8221;3000&#8243;]<br \/>\n[\/et_pb_gallery][\/et_pb_column][et_pb_column type=&#8221;1_4&#8243;][et_pb_text admin_label=&#8221;Texto&#8221; background_layout=&#8221;dark&#8221; text_orientation=&#8221;center&#8221; use_border_color=&#8221;off&#8221; border_color=&#8221;#ffffff&#8221; border_style=&#8221;solid&#8221;]<\/p>\n<h4>AN\u00c0LISI DEPARTAMENTAL<\/h4>\n<p>S&#8217;analitza l&#8217;estat motivacional dels integrants dels diferents departaments i es comparen amb el total de l&#8217;empresa.<\/p>\n<p>Els resultats s&#8217;interpreten tamb\u00e9 segons el g\u00e8nere dels treballadors analitzats.<\/p>\n<p>[\/et_pb_text][et_pb_gallery admin_label=&#8221;Galer\u00eda&#8221; gallery_ids=&#8221;707,709,710&#8243; fullwidth=&#8221;off&#8221; show_title_and_caption=&#8221;off&#8221; show_pagination=&#8221;off&#8221; background_layout=&#8221;dark&#8221; auto=&#8221;on&#8221; hover_overlay_color=&#8221;rgba(255,255,255,0.9)&#8221; caption_all_caps=&#8221;off&#8221; use_border_color=&#8221;off&#8221; border_color=&#8221;#ffffff&#8221; border_style=&#8221;solid&#8221; posts_number=&#8221;3&#8243; auto_speed=&#8221;3000&#8243;]<br \/>\n[\/et_pb_gallery][\/et_pb_column][et_pb_column type=&#8221;1_4&#8243;][et_pb_text admin_label=&#8221;Texto&#8221; background_layout=&#8221;dark&#8221; text_orientation=&#8221;center&#8221; use_border_color=&#8221;off&#8221; border_color=&#8221;#ffffff&#8221; border_style=&#8221;solid&#8221;]<\/p>\n<h4>AN\u00c1LISIS\u00a0POR ASPECTO MOTIVACIONAL<\/h4>\n<p>Se estudia cada aspecto motivacional (visi\u00f3n, error, automotivaci\u00f3n\u2026) de manera independiente y se comparan los resultados obtenidos por cada departamento entre s\u00ed y en relaci\u00f3n al global de la empresa.<\/p>\n<p>[\/et_pb_text][et_pb_gallery admin_label=&#8221;Galer\u00eda&#8221; gallery_ids=&#8221;711,712,713&#8243; fullwidth=&#8221;off&#8221; show_title_and_caption=&#8221;off&#8221; show_pagination=&#8221;off&#8221; background_layout=&#8221;dark&#8221; auto=&#8221;on&#8221; hover_overlay_color=&#8221;rgba(255,255,255,0.9)&#8221; caption_all_caps=&#8221;off&#8221; use_border_color=&#8221;off&#8221; border_color=&#8221;#ffffff&#8221; border_style=&#8221;solid&#8221; posts_number=&#8221;3&#8243; auto_speed=&#8221;3000&#8243;]<br \/>\n[\/et_pb_gallery][\/et_pb_column][et_pb_column type=&#8221;1_4&#8243;][et_pb_text admin_label=&#8221;Texto&#8221; background_layout=&#8221;dark&#8221; text_orientation=&#8221;center&#8221; use_border_color=&#8221;off&#8221; border_color=&#8221;#ffffff&#8221; border_style=&#8221;solid&#8221;]<\/p>\n<h4>AN\u00c0LISI INDIVIDUAL CAPS DE DEPARTAMENT<\/h4>\n<p>Els GS, SVP i REM de cada cap d&#8217;equip requereix un estudi individual, per a posteriorment comparar-los amb els resultats del seu propi departament i del conjunt de l&#8217;empresa.<\/p>\n<p>[\/et_pb_text][et_pb_gallery admin_label=&#8221;Galer\u00eda&#8221; gallery_ids=&#8221;714,715,716&#8243; fullwidth=&#8221;off&#8221; show_title_and_caption=&#8221;off&#8221; show_pagination=&#8221;off&#8221; background_layout=&#8221;dark&#8221; auto=&#8221;on&#8221; hover_overlay_color=&#8221;rgba(255,255,255,0.9)&#8221; caption_all_caps=&#8221;off&#8221; use_border_color=&#8221;off&#8221; border_color=&#8221;#ffffff&#8221; border_style=&#8221;solid&#8221; posts_number=&#8221;3&#8243; auto_speed=&#8221;3000&#8243;]<br \/>\n[\/et_pb_gallery][\/et_pb_column][\/et_pb_row][\/et_pb_section][et_pb_section admin_label=&#8221;Secci\u00f3n&#8221; fullwidth=&#8221;off&#8221; specialty=&#8221;off&#8221; transparent_background=&#8221;off&#8221; background_color=&#8221;#dddddd&#8221; allow_player_pause=&#8221;off&#8221; inner_shadow=&#8221;off&#8221; parallax=&#8221;off&#8221; parallax_method=&#8221;off&#8221; padding_mobile=&#8221;off&#8221; make_fullwidth=&#8221;off&#8221; use_custom_width=&#8221;off&#8221; width_unit=&#8221;on&#8221; make_equal=&#8221;off&#8221; use_custom_gutter=&#8221;off&#8221;][et_pb_row admin_label=&#8221;Fila&#8221; make_fullwidth=&#8221;off&#8221; use_custom_width=&#8221;off&#8221; width_unit=&#8221;on&#8221; use_custom_gutter=&#8221;off&#8221; padding_mobile=&#8221;off&#8221; allow_player_pause=&#8221;off&#8221; parallax=&#8221;off&#8221; parallax_method=&#8221;off&#8221; make_equal=&#8221;on&#8221; parallax_1=&#8221;off&#8221; parallax_method_1=&#8221;off&#8221; background_color_1=&#8221;#969696&#8243; padding_top_1=&#8221;20px&#8221; padding_right_1=&#8221;20px&#8221; padding_bottom_1=&#8221;20px&#8221; padding_left_1=&#8221;20px&#8221; parallax_2=&#8221;off&#8221; parallax_method_2=&#8221;off&#8221; background_color_2=&#8221;#969696&#8243; padding_top_2=&#8221;20px&#8221; padding_right_2=&#8221;20px&#8221; padding_bottom_2=&#8221;20px&#8221; padding_left_2=&#8221;20px&#8221; parallax_3=&#8221;off&#8221; parallax_method_3=&#8221;off&#8221; background_color_3=&#8221;#969696&#8243; padding_top_3=&#8221;20px&#8221; padding_right_3=&#8221;20px&#8221; padding_bottom_3=&#8221;20px&#8221; padding_left_3=&#8221;20px&#8221; column_padding_mobile=&#8221;on&#8221;][et_pb_column type=&#8221;1_3&#8243;][et_pb_text admin_label=&#8221;Texto&#8221; background_layout=&#8221;dark&#8221; text_orientation=&#8221;left&#8221; use_border_color=&#8221;off&#8221; border_color=&#8221;#ffffff&#8221; border_style=&#8221;solid&#8221;]<\/p>\n<h2><strong>CONCLUSIONS<\/strong><\/h2>\n<p>Despr\u00e9s de l&#8217;an\u00e0lisi, i a partir dels resultats obtinguts, s&#8217;exposen les conclusions del proc\u00e9s en l&#8217;Informe Motivacional 360\u00ba. L&#8217;extensa recollida d&#8217;informaci\u00f3 i el tractament que es fa de les dades obtingudes permeten determinar quins s\u00f3n els punts forts i els punts febles de cadascuna de les \u00e0rees estudiades, aix\u00ed com del conjunt de l&#8217;empresa, i oferir les conclusions oportunes com a pas previ a desenvolupar un pla d&#8217;actuaci\u00f3.<\/p>\n<p>[\/et_pb_text][\/et_pb_column][et_pb_column type=&#8221;1_3&#8243;][et_pb_text admin_label=&#8221;Texto&#8221; background_layout=&#8221;dark&#8221; text_orientation=&#8221;left&#8221; use_border_color=&#8221;off&#8221; border_color=&#8221;#ffffff&#8221; border_style=&#8221;solid&#8221;]<\/p>\n<h2><strong>P.A.M. (Pl\u00e0 d&#8217;Actuaci\u00f3 Motivacional)<\/strong><\/h2>\n<p>El Pla d&#8217;Actuaci\u00f3 Motivacional (PAM) \u00e9s la proposta de solucions que realitzen els professionals de Switch-On per tractar les mancances detectades en l&#8217;empresa al llarg del proc\u00e9s. Es tracta d&#8217;actuar definitivament sobre els problemes identificats, incidint en la modificaci\u00f3 conductual que provoqui els canvis necessaris -tant a nivell individual, com departamental i global- per optimitzar capacitats i millorar el rendiment empresarial.<\/p>\n<p>[\/et_pb_text][\/et_pb_column][et_pb_column type=&#8221;1_3&#8243;][et_pb_text admin_label=&#8221;Texto&#8221; background_layout=&#8221;dark&#8221; text_orientation=&#8221;left&#8221; use_border_color=&#8221;off&#8221; border_color=&#8221;#ffffff&#8221; border_style=&#8221;solid&#8221;]<\/p>\n<h2><strong>S.E.M. (Seguiment Empresarial Motivacional)<\/strong><\/h2>\n<p>El Seguiment Empresarial Motivacional (SEM) \u00e9s un servei de car\u00e0cter anual que ofereix Switch On a les empreses amb les que ha portat a terme tot el proc\u00e9s de la metodologia motivacional &#8220;Si Vis Pacem&#8221; .L&#8217;objectiu del seguiment \u00e9s preservar i refermar la millora obtinguda a trav\u00e9s del PAM per establir les bases de l&#8217;acompanyament motivacional cap a l&#8217;obtenci\u00f3 dels objectius marcats. el SEM abasta tant el diagn\u00f2stic com la intervenci\u00f3 directa en les persones i grups empresarials.<\/p>\n<p>[\/et_pb_text][\/et_pb_column][\/et_pb_row][\/et_pb_section][et_pb_section admin_label=&#8221;Secci\u00f3n&#8221; fullwidth=&#8221;off&#8221; specialty=&#8221;off&#8221;][et_pb_row admin_label=&#8221;Fila&#8221;][et_pb_column type=&#8221;4_4&#8243;][et_pb_text admin_label=&#8221;Texto&#8221; background_layout=&#8221;light&#8221; text_orientation=&#8221;center&#8221; use_border_color=&#8221;off&#8221; border_color=&#8221;#ffffff&#8221; border_style=&#8221;solid&#8221;]<\/p>\n<h2>Vols saber-ne m\u00e9s sobre el m\u00e8tode Switch-On d&#8217;an\u00e0lisi motivacional a l&#8217;empresa?<\/h2>\n<p>Omple el seg\u00fcent formulari i ens posarem en contacte amb tu a la m\u00e0xima brevetat.<\/p>\n<p>[\/et_pb_text][et_pb_contact_form admin_label=&#8221;Formulario de contacto&#8221; captcha=&#8221;off&#8221; email=&#8221;fullcourt@rogeresteller.com&#8221; title=&#8221;Sol\u00b7licitud d&#8217;informaci\u00f3 SWITCH-ON&#8221; use_redirect=&#8221;off&#8221; input_border_radius=&#8221;0&#8243; use_border_color=&#8221;off&#8221; border_color=&#8221;#ffffff&#8221; border_style=&#8221;solid&#8221; custom_button=&#8221;off&#8221; button_letter_spacing=&#8221;0&#8243; button_use_icon=&#8221;default&#8221; button_icon_placement=&#8221;right&#8221; button_on_hover=&#8221;on&#8221; button_letter_spacing_hover=&#8221;0&#8243;] [et_pb_contact_field field_title=&#8221;Nom&#8221; field_type=&#8221;input&#8221; field_id=&#8221;Nom&#8221; required_mark=&#8221;on&#8221; fullwidth_field=&#8221;on&#8221; form_field_font_select=&#8221;default&#8221; form_field_font=&#8221;||||&#8221; use_border_color=&#8221;off&#8221; border_style=&#8221;solid&#8221;] [\/et_pb_contact_field][et_pb_contact_field field_title=&#8221;Adre\u00e7a de correu electr\u00f2nic&#8221; field_type=&#8221;email&#8221; field_id=&#8221;Adre\u00e7a de correu electr\u00f2nic&#8221; required_mark=&#8221;on&#8221; fullwidth_field=&#8221;off&#8221; form_field_font_select=&#8221;default&#8221; form_field_font=&#8221;||||&#8221; use_border_color=&#8221;off&#8221; border_style=&#8221;solid&#8221;] [\/et_pb_contact_field][et_pb_contact_field field_id=&#8221;Tel\u00e8fon&#8221; field_title=&#8221;Tel\u00e8fon&#8221; field_type=&#8221;input&#8221; required_mark=&#8221;on&#8221; fullwidth_field=&#8221;off&#8221; form_field_font_select=&#8221;default&#8221; form_field_font=&#8221;||||&#8221; use_border_color=&#8221;off&#8221; border_style=&#8221;solid&#8221;] [\/et_pb_contact_field][et_pb_contact_field field_title=&#8221;Missatge&#8221; field_type=&#8221;text&#8221; field_id=&#8221;Missatge&#8221; required_mark=&#8221;on&#8221; fullwidth_field=&#8221;on&#8221; form_field_font_select=&#8221;default&#8221; form_field_font=&#8221;||||&#8221; use_border_color=&#8221;off&#8221; border_style=&#8221;solid&#8221;] [\/et_pb_contact_field] [\/et_pb_contact_form][\/et_pb_column][\/et_pb_row][\/et_pb_section][et_pb_section admin_label=&#8221;Secci\u00f3n&#8221; fullwidth=&#8221;off&#8221; specialty=&#8221;off&#8221; transparent_background=&#8221;off&#8221; background_color=&#8221;#000000&#8243; allow_player_pause=&#8221;off&#8221; inner_shadow=&#8221;off&#8221; parallax=&#8221;off&#8221; parallax_method=&#8221;off&#8221; padding_mobile=&#8221;off&#8221; make_fullwidth=&#8221;off&#8221; use_custom_width=&#8221;off&#8221; width_unit=&#8221;on&#8221; make_equal=&#8221;off&#8221; use_custom_gutter=&#8221;off&#8221; custom_padding=&#8221;0px||0px|&#8221; custom_css_main_element=&#8221;max-height: 36px;&#8221;][et_pb_row admin_label=&#8221;Fila&#8221; make_fullwidth=&#8221;off&#8221; use_custom_width=&#8221;off&#8221; width_unit=&#8221;on&#8221; use_custom_gutter=&#8221;off&#8221; custom_padding=&#8221;0px||0px|&#8221; padding_mobile=&#8221;off&#8221; allow_player_pause=&#8221;off&#8221; parallax=&#8221;off&#8221; parallax_method=&#8221;off&#8221; make_equal=&#8221;off&#8221; parallax_1=&#8221;off&#8221; parallax_method_1=&#8221;off&#8221; column_padding_mobile=&#8221;on&#8221; custom_css_main_element=&#8221;max-height: 36px;&#8221;][et_pb_column type=&#8221;4_4&#8243;][et_pb_text admin_label=&#8221;Texto&#8221; background_layout=&#8221;dark&#8221; text_orientation=&#8221;center&#8221; use_border_color=&#8221;off&#8221; border_color=&#8221;#ffffff&#8221; border_style=&#8221;solid&#8221; custom_padding=&#8221;5px||5px|&#8221; custom_css_main_element=&#8221;max-height: 36px;&#8221;]<\/p>\n<ul class=\"et-social-icons\">\n<li class=\"et-social-icon et-social-facebook\"><a class=\"icon\" href=\"https:\/\/www.facebook.com\/RogerEstellerFullCourt\"><br \/>\n<\/a><\/li>\n<li class=\"et-social-icon et-social-twitter\"><a class=\"icon\" href=\"https:\/\/www.twitter.com\/RgrEsteller\"><br \/>\n<\/a><\/li>\n<li class=\"et-social-icon et-social-rss\"><a class=\"icon\" href=\"http:\/\/rogeresteller.com\/feed\/\"><br \/>\n<\/a><\/li>\n<\/ul>\n<p id=\"footer-info\">Disseny\u00a0<a title=\"Pep Sesat - dissenyClau\" href=\"http:\/\/www.pepsesat.com\">Pep Sesat<\/a> | Desenvolupat per <a href=\"http:\/\/www.a-spps.org\">a-spps<\/a>\u00a0| Comunicaci\u00f3 <a href=\"http:\/\/comparteix.com\">comparteix.com<\/a><\/p>\n<p>[\/et_pb_text][\/et_pb_column][\/et_pb_row][\/et_pb_section]<\/p>\n","protected":false},"excerpt":{"rendered":"<p>[et_pb_section admin_label=&#8221;section&#8221; transparent_background=&#8221;off&#8221; background_color=&#8221;#ffffff&#8221; background_video_mp4=&#8221;http:\/\/rogeresteller.com\/wp-content\/uploads\/2016\/05\/sobrevuelo-estorninos-web.mp4&#8243; background_video_width=&#8221;1280&#8243; background_video_height=&#8221;720&#8243; allow_player_pause=&#8221;off&#8221; inner_shadow=&#8221;off&#8221; parallax=&#8221;off&#8221; parallax_method=&#8221;off&#8221; padding_mobile=&#8221;off&#8221; make_fullwidth=&#8221;off&#8221; use_custom_width=&#8221;off&#8221; width_unit=&#8221;on&#8221; make_equal=&#8221;off&#8221; use_custom_gutter=&#8221;off&#8221; background_image=&#8221;http:\/\/rogeresteller.com\/wp-content\/uploads\/2016\/05\/estorninos.jpg&#8221; background_video_webm=&#8221;http:\/\/rogeresteller.com\/wp-content\/uploads\/2016\/05\/sobrevuelo-estorninos-web.webm&#8221;][et_pb_row admin_label=&#8221;Fila&#8221;][et_pb_column type=&#8221;4_4&#8243;][et_pb_image admin_label=&#8221;Imagen&#8221; src=&#8221;http:\/\/rogeresteller.com\/wp-content\/uploads\/2016\/05\/logo-roger-esteller-blanc.png&#8221; show_in_lightbox=&#8221;off&#8221; url=&#8221;rogeresteller.com&#8221; url_new_window=&#8221;off&#8221; use_overlay=&#8221;off&#8221; animation=&#8221;fade_in&#8221; sticky=&#8221;off&#8221; align=&#8221;center&#8221; max_width=&#8221;200px&#8221; force_fullwidth=&#8221;off&#8221; always_center_on_mobile=&#8221;on&#8221; use_border_color=&#8221;off&#8221; border_color=&#8221;#ffffff&#8221; border_style=&#8221;solid&#8221;] [\/et_pb_image][\/et_pb_column][\/et_pb_row][et_pb_row admin_label=&#8221;row&#8221; make_fullwidth=&#8221;off&#8221; use_custom_width=&#8221;off&#8221; width_unit=&#8221;on&#8221; use_custom_gutter=&#8221;on&#8221; padding_mobile=&#8221;off&#8221; allow_player_pause=&#8221;off&#8221; parallax=&#8221;off&#8221; parallax_method=&#8221;off&#8221; make_equal=&#8221;on&#8221; parallax_1=&#8221;off&#8221; parallax_method_1=&#8221;off&#8221; parallax_2=&#8221;off&#8221; parallax_method_2=&#8221;off&#8221; column_padding_mobile=&#8221;on&#8221; background_color_2=&#8221;rgba(49,39,131,0.85)&#8221; padding_top_2=&#8221;20px&#8221; padding_right_2=&#8221;20px&#8221; [&hellip;]<\/p>\n","protected":false},"author":2,"featured_media":0,"parent":0,"menu_order":0,"comment_status":"closed","ping_status":"closed","template":"page-template-blank.php","meta":{"footnotes":""},"class_list":["post-740","page","type-page","status-publish","hentry"],"_links":{"self":[{"href":"https:\/\/rogeresteller.com\/ca\/wp-json\/wp\/v2\/pages\/740","targetHints":{"allow":["GET"]}}],"collection":[{"href":"https:\/\/rogeresteller.com\/ca\/wp-json\/wp\/v2\/pages"}],"about":[{"href":"https:\/\/rogeresteller.com\/ca\/wp-json\/wp\/v2\/types\/page"}],"author":[{"embeddable":true,"href":"https:\/\/rogeresteller.com\/ca\/wp-json\/wp\/v2\/users\/2"}],"replies":[{"embeddable":true,"href":"https:\/\/rogeresteller.com\/ca\/wp-json\/wp\/v2\/comments?post=740"}],"version-history":[{"count":0,"href":"https:\/\/rogeresteller.com\/ca\/wp-json\/wp\/v2\/pages\/740\/revisions"}],"wp:attachment":[{"href":"https:\/\/rogeresteller.com\/ca\/wp-json\/wp\/v2\/media?parent=740"}],"curies":[{"name":"wp","href":"https:\/\/api.w.org\/{rel}","templated":true}]}}