{"id":333,"date":"2016-01-02T10:22:48","date_gmt":"2016-01-02T10:22:48","guid":{"rendered":"http:\/\/rogeresteller.com\/bio\/?lang=ca"},"modified":"2016-01-24T13:34:50","modified_gmt":"2016-01-24T13:34:50","slug":"bio","status":"publish","type":"page","link":"https:\/\/rogeresteller.com\/ca\/bio\/","title":{"rendered":"Biografia"},"content":{"rendered":"<p>[et_pb_section admin_label=&#8221;Secci\u00f3n&#8221; fullwidth=&#8221;off&#8221; specialty=&#8221;off&#8221; transparent_background=&#8221;off&#8221; background_color=&#8221;#3c3c3a&#8221; allow_player_pause=&#8221;off&#8221; inner_shadow=&#8221;off&#8221; parallax=&#8221;off&#8221; parallax_method=&#8221;off&#8221; padding_mobile=&#8221;off&#8221; make_fullwidth=&#8221;off&#8221; use_custom_width=&#8221;off&#8221; width_unit=&#8221;on&#8221; make_equal=&#8221;off&#8221; use_custom_gutter=&#8221;off&#8221; gutter_width=&#8221;3&#8243;][et_pb_row admin_label=&#8221;Fila&#8221; make_fullwidth=&#8221;on&#8221; use_custom_width=&#8221;off&#8221; width_unit=&#8221;on&#8221; use_custom_gutter=&#8221;off&#8221; gutter_width=&#8221;3&#8243; padding_mobile=&#8221;off&#8221; allow_player_pause=&#8221;off&#8221; parallax=&#8221;off&#8221; parallax_method=&#8221;off&#8221; make_equal=&#8221;off&#8221; parallax_1=&#8221;off&#8221; parallax_method_1=&#8221;off&#8221; column_padding_mobile=&#8221;on&#8221;][et_pb_column type=&#8221;4_4&#8243;][et_pb_text admin_label=&#8221;Texto&#8221; background_layout=&#8221;dark&#8221; text_orientation=&#8221;center&#8221; text_font_size=&#8221;14&#8243; background_color=&#8221;#3c3c3a&#8221; use_border_color=&#8221;off&#8221; border_color=&#8221;#ffffff&#8221; border_style=&#8221;solid&#8221;]<\/p>\n<h1 style=\"text-align: center;\">Roger Esteller: Biografia<\/h1>\n<p>[\/et_pb_text][\/et_pb_column][\/et_pb_row][\/et_pb_section][et_pb_section admin_label=&#8221;section&#8221;][et_pb_row admin_label=&#8221;row&#8221;][et_pb_column type=&#8221;2_3&#8243;][et_pb_text admin_label=&#8221;Texto&#8221; background_layout=&#8221;light&#8221; text_orientation=&#8221;left&#8221; text_font_size=&#8221;14&#8243; use_border_color=&#8221;off&#8221; border_color=&#8221;#ffffff&#8221; border_style=&#8221;solid&#8221;]<\/p>\n<h2>De Roger Esteller, jugador professional de b\u00e0squet\u2026<\/h2>\n<p>Roger Esteller (Barcelona, 6 de juliol de 1972) \u00e9s un dels esportistes espanyols m\u00e9s reconeguts i laurats de la d\u00e8cada dels 90. Es va iniciar en el b\u00e0squet professional l&#8217;any\u00a01990, al Futbol Club Barcelona, equip on va militar en dues etapes diferents de la seva carrera. A m\u00e9s del Bar\u00e7a, tamb\u00e9 va imposar el seu joc en\u00e8rgic i intens en altres grans equips com el TDK Manresa, el Tau Cer\u00e1mica, l&#8217;Unicaja de M\u00e1laga i\u00a0l&#8217;\u00c9B Pau-Orthez de Fran\u00e7a.<\/p>\n<p>En els 15 anys que va jugar al m\u00e9s alt nivell professional va conquerir nombrosos t\u00edtols col\u00b7lectius i individuals, entre els que destaquen la Medalla\u00a0de Plata amb\u00a0la Selecci\u00f3 Espanyola en l&#8217;Eurobasket de Par\u00eds (1999); una Copa Korac, dos subcampionats\u00a0de la Copa d&#8217;Europa, dues\u00a0Lligues\u00a0ACB i\u00a0una Copa del Rei\u00a0amb\u00a0el Bar\u00e7a; una Copa del Rei\u00a0amb\u00a0el TDK Manresa; i\u00a0una Lliga de b\u00e0squet\u00a0francesa i\u00a0una Copa de Fran\u00e7a amb l&#8217;\u00c9B Pau-Orthez. En la temporada 2001-02 va ser escollit\u00a0MVP de la Lliga de Fran\u00e7a. Va ser, a m\u00e9s, membre de la Selecci\u00f3 Europea.<\/p>\n<p>A\u00a0la pista sempre va destacar per la seva polival\u00e8ncia, gran fortalesa f\u00edsica, rapidesa de moviments\u00a0i intensitat de joc.<\/p>\n<p>[\/et_pb_text][\/et_pb_column][et_pb_column type=&#8221;1_3&#8243;][et_pb_gallery admin_label=&#8221;Galer\u00eda&#8221; gallery_ids=&#8221;160,161&#8243; fullwidth=&#8221;on&#8221; show_title_and_caption=&#8221;off&#8221; show_pagination=&#8221;off&#8221; background_layout=&#8221;light&#8221; auto=&#8221;on&#8221; hover_overlay_color=&#8221;rgba(255,255,255,0.9)&#8221; caption_font_size=&#8221;14&#8243; caption_all_caps=&#8221;off&#8221; title_font_size=&#8221;16&#8243; use_border_color=&#8221;off&#8221; border_color=&#8221;#ffffff&#8221; border_style=&#8221;solid&#8221;]<\/p>\n<p><\/p>\n<p>[\/et_pb_gallery][\/et_pb_column][\/et_pb_row][\/et_pb_section][et_pb_section admin_label=&#8221;Secci\u00f3n&#8221; fullwidth=&#8221;off&#8221; specialty=&#8221;off&#8221; transparent_background=&#8221;off&#8221; background_color=&#8221;#be1824&#8243; allow_player_pause=&#8221;off&#8221; inner_shadow=&#8221;off&#8221; parallax=&#8221;off&#8221; parallax_method=&#8221;off&#8221; padding_mobile=&#8221;off&#8221; make_fullwidth=&#8221;off&#8221; use_custom_width=&#8221;off&#8221; width_unit=&#8221;on&#8221; make_equal=&#8221;off&#8221; use_custom_gutter=&#8221;off&#8221; gutter_width=&#8221;3&#8243;][et_pb_row admin_label=&#8221;Fila&#8221;][et_pb_column type=&#8221;2_3&#8243;][et_pb_text admin_label=&#8221;Texto&#8221; background_layout=&#8221;dark&#8221; text_orientation=&#8221;left&#8221; text_font_size=&#8221;14&#8243; use_border_color=&#8221;off&#8221; border_color=&#8221;#ffffff&#8221; border_style=&#8221;solid&#8221;]<\/p>\n<h2>&#8230; a Roger Esteller, formador i assessor\u00a0motivacional<\/h2>\n<p>Des que va abandonar el b\u00e0squet professional, l\u2019any 2005, Roger Esteller ha posat al servei de diferents c\u00e0rrecs i funcions el seu bagatge esportiu, la seva formaci\u00f3 -MBA en Administraci\u00f3 d\u2019Empreses i Entrenador Superior de B\u00e0squet- i la seva sensibilitat social; ha estat comentarista esportiu, gestor d\u2019entitats esportives, director t\u00e8cnic de clubs, a m\u00e9s de president de l\u2019Associaci\u00f3 de Veterans de B\u00e0squet del F.C. Barcelona i president de l\u2019Associaci\u00f3 Esportistes Solidaris.<\/p>\n<p>En els darrers ants, Roger Esteller ha aprofundit en la seva vessant formadora i motivacional, impartint confer\u00e8ncies, xerrades i tallers pr\u00e0ctics a diversos col\u00b7lectius: esportistes, pares i escolars, universitaris, directius, empresaris, administracions&#8230; Els seus principals arguments s\u00f3n el treball en equip, la responsabilitat social de les empreses, la integraci\u00f3 social a trav\u00e9s de l\u2019esport, la consecuci\u00f3 de metes i l\u2019obtenci\u00f3 de l\u2019\u00e8xit, tant personalment com professionalment.<br \/> A partir de la seva experi\u00e8ncia com a esportista d\u2019elit, Roger Esteller ha desenvolupat una metodologia motivacional pr\u00f2pia, anomenada \u201cSi Vis Pacem\u201d, que \u00e9s la base de la filosofia motivacional que imparteix com a assessor.<\/p>\n<p>[\/et_pb_text][\/et_pb_column][et_pb_column type=&#8221;1_3&#8243;][et_pb_image admin_label=&#8221;Imagen&#8221; src=&#8221;http:\/\/rogeresteller.com\/wp-content\/uploads\/2016\/01\/roger-esteller-basquet.png&#8221; show_in_lightbox=&#8221;off&#8221; url_new_window=&#8221;off&#8221; animation=&#8221;off&#8221; sticky=&#8221;on&#8221; align=&#8221;right&#8221; force_fullwidth=&#8221;off&#8221; always_center_on_mobile=&#8221;on&#8221; use_border_color=&#8221;off&#8221; border_color=&#8221;#ffffff&#8221; border_style=&#8221;solid&#8221;]<\/p>\n<p>[\/et_pb_image][\/et_pb_column][\/et_pb_row][\/et_pb_section][et_pb_section admin_label=&#8221;Secci\u00f3n&#8221; fullwidth=&#8221;off&#8221; specialty=&#8221;off&#8221; transparent_background=&#8221;off&#8221; background_color=&#8221;#e2e2e2&#8243; allow_player_pause=&#8221;off&#8221; inner_shadow=&#8221;off&#8221; parallax=&#8221;off&#8221; parallax_method=&#8221;off&#8221; padding_mobile=&#8221;off&#8221; make_fullwidth=&#8221;off&#8221; use_custom_width=&#8221;off&#8221; width_unit=&#8221;on&#8221; make_equal=&#8221;off&#8221; use_custom_gutter=&#8221;off&#8221; gutter_width=&#8221;3&#8243;][et_pb_row admin_label=&#8221;Fila&#8221;][et_pb_column type=&#8221;2_3&#8243;][et_pb_text admin_label=&#8221;Texto&#8221; background_layout=&#8221;light&#8221; text_orientation=&#8221;left&#8221; text_font_size=&#8221;14&#8243; use_border_color=&#8221;off&#8221; border_color=&#8221;#ffffff&#8221; border_style=&#8221;solid&#8221;]<\/p>\n<h3>TRAJECT\u00d2RIA ESPORTIVA<\/h3>\n<p>1990-93: FC Barcelona<br \/> 1993-96: TDK Manresa<br \/> 1996-99: FC Barcelona<br \/> 1999-2000: Tau Cer\u00e1mica<br \/> 2000-02: \u00c9B Pau-Orthez (Fran\u00e7a)<br \/> 2002-2003: Unicaja M\u00e1laga<br \/> 2003-2005: Caprabo Lleida<br \/> 2005: CB Gran Canaria<\/p>\n<p>\u00a0<\/p>\n<h3>PALMAR\u00c8S ESPORTIU<\/h3>\n<ul>\n<li>Medalla de Plata en l&#8217;Eurobasket de Par\u00eds 1999, amb\u00a0la Selecci\u00f3\u00a0de b\u00e0squet d&#8217;Espanya<\/li>\n<li>Copa Korac 1998-1999, amb\u00a0el FC Barcelona<\/li>\n<li>2 vegades\u00a0subcampi\u00f3\u00a0de la Copa de Europa 1990-1991 i\u00a01996-1997, amb\u00a0el FC Barcelona<\/li>\n<li>2 Lligues ACB 1996-1997 i\u00a01998-1999, amb\u00a0el FC Barcelona<\/li>\n<li>2 Copes del Rei de B\u00e0squet\u00a01990-1991 (FC Barcelona) i\u00a01995-1996 (TDK Manresa)<\/li>\n<li>Lliga de\u00a0b\u00e0squet de\u00a0Fran\u00e7a\u00a02000-2001, amb l&#8217;\u00c9B Pau-Orthez<\/li>\n<li>Copa de Fran\u00e7a\u00a02001-2002, amb l&#8217;\u00c9B Pau- Orthez<\/li>\n<\/ul>\n<h3>FITES ESPORTIVES\u00a0INDIVIDUALS<\/h3>\n<ul>\n<li>Millor\u00a0Jugador Comunitari de la Lliga de Fran\u00e7a\u00a02000-01 i\u00a02001-02<\/li>\n<li>MVP del playoff final de la Lliga de Fran\u00e7a\u00a02000-01<\/li>\n<li>MVP de la Lliga de Fran\u00e7a\u00a0(temporada\u00a02001-02)<\/li>\n<li>MVP de la Lliga Catalana 2003-2004<\/li>\n<li>Membre\u00a0de la Selecci\u00f3 Europea<\/li>\n<\/ul>\n<h3>FORMACI\u00d3<\/h3>\n<ul>\n<li>MBA en Administraci\u00f3 d&#8217;Empreses<\/li>\n<li>Entrenador Superior de\u00a0B\u00e0squet<\/li>\n<li>Formaci\u00f3 en Coaching empresarial i\u00a0personal<\/li>\n<\/ul>\n<h3>ALTRES<\/h3>\n<ul>\n<li>President de l&#8217;Associaci\u00f3 de Veterans del B\u00e0squet\u00a0del F.C. Barcelona (2011-2015)<\/li>\n<li>Presidente de l&#8217;Associaci\u00f3 Esportistes Solidaris (2007-2015)<\/li>\n<li>Premi Llu\u00eds Companys Plataforma Pro Seleccions Catalanes (2009)<\/li>\n<li>Premi Innovaci\u00f3 en Entrenament Empresarial de la C\u00e1mara Internacional de\u00a0Empresarios de Barcelona, CIE (2015)<\/li>\n<\/ul>\n<p>[\/et_pb_text][\/et_pb_column][et_pb_column type=&#8221;1_3&#8243;][et_pb_gallery admin_label=&#8221;Galer\u00eda&#8221; gallery_ids=&#8221;166,167&#8243; fullwidth=&#8221;on&#8221; show_title_and_caption=&#8221;off&#8221; show_pagination=&#8221;off&#8221; background_layout=&#8221;light&#8221; auto=&#8221;on&#8221; hover_overlay_color=&#8221;rgba(255,255,255,0.9)&#8221; caption_font_size=&#8221;14&#8243; caption_all_caps=&#8221;off&#8221; title_font_size=&#8221;16&#8243; use_border_color=&#8221;off&#8221; border_color=&#8221;#ffffff&#8221; border_style=&#8221;solid&#8221;]<\/p>\n<p><\/p>\n<p>[\/et_pb_gallery][et_pb_text admin_label=&#8221;Texto&#8221; background_layout=&#8221;dark&#8221; text_orientation=&#8221;left&#8221; text_font=&#8221;||on||&#8221; text_font_size=&#8221;14&#8243; use_border_color=&#8221;off&#8221; border_color=&#8221;#ffffff&#8221; border_style=&#8221;solid&#8221; custom_padding=&#8221;25px|25px|25px|25px&#8221; background_color=&#8221;#be1824&#8243;]<\/p>\n<p><span class='et-dropcap' style=\"font-size: 60px; color: #ffffff;\">&#8220;A<\/span>l\u00a0Bar\u00e7a vaig aprendre que sempre podia aspirar a tot. I, en el TDK Manresa que, amb esfor\u00e7 treball en equip i una bona metodologia motivacional, David \u00e9s capa\u00e7 de\u00a0v\u00e8ncer Goliat&#8221;.<\/p>\n<p>[\/et_pb_text][et_pb_image admin_label=&#8221;Imagen&#8221; src=&#8221;http:\/\/rogeresteller.com\/wp-content\/uploads\/2016\/01\/RE-CIE-03.jpg&#8221; show_in_lightbox=&#8221;off&#8221; url_new_window=&#8221;off&#8221; animation=&#8221;off&#8221; sticky=&#8221;off&#8221; align=&#8221;center&#8221; force_fullwidth=&#8221;off&#8221; always_center_on_mobile=&#8221;on&#8221; use_border_color=&#8221;off&#8221; border_color=&#8221;#ffffff&#8221; border_style=&#8221;solid&#8221;]<\/p>\n<p>[\/et_pb_image][\/et_pb_column][\/et_pb_row][\/et_pb_section][et_pb_section admin_label=&#8221;Secci\u00f3n&#8221; fullwidth=&#8221;off&#8221; specialty=&#8221;off&#8221; transparent_background=&#8221;off&#8221; background_color=&#8221;#444444&#8243; allow_player_pause=&#8221;off&#8221; inner_shadow=&#8221;off&#8221; parallax=&#8221;off&#8221; parallax_method=&#8221;off&#8221; padding_mobile=&#8221;off&#8221; make_fullwidth=&#8221;off&#8221; use_custom_width=&#8221;off&#8221; width_unit=&#8221;on&#8221; make_equal=&#8221;off&#8221; use_custom_gutter=&#8221;off&#8221; gutter_width=&#8221;3&#8243;][et_pb_row admin_label=&#8221;Fila&#8221;][et_pb_column type=&#8221;1_4&#8243;][et_pb_divider admin_label=&#8221;Separador&#8221; color=&#8221;#ffffff&#8221; show_divider=&#8221;off&#8221; divider_style=&#8221;solid&#8221; divider_position=&#8221;top&#8221; divider_weight=&#8221;1&#8243; hide_on_mobile=&#8221;on&#8221;]<\/p>\n<p>[\/et_pb_divider][\/et_pb_column][et_pb_column type=&#8221;1_4&#8243;][et_pb_image admin_label=&#8221;Imagen&#8221; src=&#8221;http:\/\/rogeresteller.com\/wp-content\/uploads\/2016\/01\/dossier-de-prensa-roger-esteller.jpg&#8221; show_in_lightbox=&#8221;off&#8221; url=&#8221;http:\/\/rogeresteller.com\/wp-content\/uploads\/2016\/01\/DdP-Roger-Esteller-Full-Court.pdf&#8221; url_new_window=&#8221;on&#8221; animation=&#8221;off&#8221; sticky=&#8221;off&#8221; align=&#8221;left&#8221; force_fullwidth=&#8221;off&#8221; always_center_on_mobile=&#8221;on&#8221; use_border_color=&#8221;off&#8221; border_color=&#8221;#ffffff&#8221; border_style=&#8221;solid&#8221;]<\/p>\n<p>[\/et_pb_image][\/et_pb_column][et_pb_column type=&#8221;1_4&#8243;][et_pb_cta admin_label=&#8221;Llamada a la acci\u00f3n&#8221; title=&#8221;Dossier de Premsa&#8221; button_url=&#8221;http:\/\/rogeresteller.com\/wp-content\/uploads\/2016\/01\/DdP-Roger-Esteller-Full-Court.pdf&#8221; url_new_window=&#8221;on&#8221; button_text=&#8221;Descargar&#8221; use_background_color=&#8221;off&#8221; background_color=&#8221;#be1824&#8243; background_layout=&#8221;dark&#8221; text_orientation=&#8221;left&#8221; header_font_size=&#8221;26&#8243; body_font_size=&#8221;14&#8243; use_border_color=&#8221;off&#8221; border_color=&#8221;#ffffff&#8221; border_style=&#8221;solid&#8221; custom_button=&#8221;off&#8221; button_text_size=&#8221;20&#8243; button_border_width=&#8221;2&#8243; button_border_radius=&#8221;3&#8243; button_letter_spacing=&#8221;0&#8243; button_use_icon=&#8221;default&#8221; button_icon_placement=&#8221;right&#8221; button_on_hover=&#8221;on&#8221; button_border_radius_hover=&#8221;3&#8243; button_letter_spacing_hover=&#8221;0&#8243;]<\/p>\n<p>A continuaci\u00f3 pots descarregar-te el Dossier de Premsa de Roger Esteller, mitjan\u00e7ant el seg\u00fcent bot\u00f3 o fent\u00a0clic a\u00a0la portada del mateix. Si tens qualsevol dubta o consulta no dubtis en <a href=\"http:\/\/rogeresteller.com\/contacto\/\">contactar <\/a>amb nosaltres.<\/p>\n<p>[\/et_pb_cta][\/et_pb_column][et_pb_column type=&#8221;1_4&#8243;][et_pb_divider admin_label=&#8221;Separador&#8221; color=&#8221;#ffffff&#8221; show_divider=&#8221;off&#8221; divider_style=&#8221;solid&#8221; divider_position=&#8221;top&#8221; divider_weight=&#8221;1&#8243; hide_on_mobile=&#8221;on&#8221;]<\/p>\n<p>[\/et_pb_divider][\/et_pb_column][\/et_pb_row][\/et_pb_section]<\/p>\n","protected":false},"excerpt":{"rendered":"<p>[et_pb_section admin_label=&#8221;Secci\u00f3n&#8221; fullwidth=&#8221;off&#8221; specialty=&#8221;off&#8221; transparent_background=&#8221;off&#8221; background_color=&#8221;#3c3c3a&#8221; allow_player_pause=&#8221;off&#8221; inner_shadow=&#8221;off&#8221; parallax=&#8221;off&#8221; parallax_method=&#8221;off&#8221; padding_mobile=&#8221;off&#8221; make_fullwidth=&#8221;off&#8221; use_custom_width=&#8221;off&#8221; width_unit=&#8221;on&#8221; make_equal=&#8221;off&#8221; use_custom_gutter=&#8221;off&#8221; gutter_width=&#8221;3&#8243;][et_pb_row admin_label=&#8221;Fila&#8221; make_fullwidth=&#8221;on&#8221; use_custom_width=&#8221;off&#8221; width_unit=&#8221;on&#8221; use_custom_gutter=&#8221;off&#8221; gutter_width=&#8221;3&#8243; padding_mobile=&#8221;off&#8221; allow_player_pause=&#8221;off&#8221; parallax=&#8221;off&#8221; parallax_method=&#8221;off&#8221; make_equal=&#8221;off&#8221; parallax_1=&#8221;off&#8221; parallax_method_1=&#8221;off&#8221; column_padding_mobile=&#8221;on&#8221;][et_pb_column type=&#8221;4_4&#8243;][et_pb_text admin_label=&#8221;Texto&#8221; background_layout=&#8221;dark&#8221; text_orientation=&#8221;center&#8221; text_font_size=&#8221;14&#8243; background_color=&#8221;#3c3c3a&#8221; use_border_color=&#8221;off&#8221; border_color=&#8221;#ffffff&#8221; border_style=&#8221;solid&#8221;] Roger Esteller: Biografia [\/et_pb_text][\/et_pb_column][\/et_pb_row][\/et_pb_section][et_pb_section admin_label=&#8221;section&#8221;][et_pb_row admin_label=&#8221;row&#8221;][et_pb_column type=&#8221;2_3&#8243;][et_pb_text admin_label=&#8221;Texto&#8221; background_layout=&#8221;light&#8221; text_orientation=&#8221;left&#8221; text_font_size=&#8221;14&#8243; use_border_color=&#8221;off&#8221; border_color=&#8221;#ffffff&#8221; border_style=&#8221;solid&#8221;] De [&hellip;]<\/p>\n","protected":false},"author":2,"featured_media":0,"parent":0,"menu_order":0,"comment_status":"closed","ping_status":"closed","template":"","meta":{"footnotes":""},"class_list":["post-333","page","type-page","status-publish","hentry"],"_links":{"self":[{"href":"https:\/\/rogeresteller.com\/ca\/wp-json\/wp\/v2\/pages\/333","targetHints":{"allow":["GET"]}}],"collection":[{"href":"https:\/\/rogeresteller.com\/ca\/wp-json\/wp\/v2\/pages"}],"about":[{"href":"https:\/\/rogeresteller.com\/ca\/wp-json\/wp\/v2\/types\/page"}],"author":[{"embeddable":true,"href":"https:\/\/rogeresteller.com\/ca\/wp-json\/wp\/v2\/users\/2"}],"replies":[{"embeddable":true,"href":"https:\/\/rogeresteller.com\/ca\/wp-json\/wp\/v2\/comments?post=333"}],"version-history":[{"count":0,"href":"https:\/\/rogeresteller.com\/ca\/wp-json\/wp\/v2\/pages\/333\/revisions"}],"wp:attachment":[{"href":"https:\/\/rogeresteller.com\/ca\/wp-json\/wp\/v2\/media?parent=333"}],"curies":[{"name":"wp","href":"https:\/\/api.w.org\/{rel}","templated":true}]}}